{"id":9,"date":"2024-08-30T13:22:12","date_gmt":"2024-08-30T13:22:12","guid":{"rendered":"https:\/\/uskudarvalidesultan.org\/?page_id=9"},"modified":"2024-10-22T17:45:06","modified_gmt":"2024-10-22T17:45:06","slug":"faaliyetlerimiz","status":"publish","type":"page","link":"https:\/\/uskudarvalidesultan.org\/?page_id=9","title":{"rendered":"Faaliyetlerimiz"},"content":{"rendered":"\n<div class=\"wp-block-group alignfull has-accent-background-color has-background has-global-padding is-layout-constrained wp-container-core-group-is-layout-669513ed wp-block-group-is-layout-constrained\" style=\"margin-top:0;margin-bottom:0;padding-top:var(--wp--preset--spacing--50);padding-right:var(--wp--preset--spacing--50);padding-bottom:var(--wp--preset--spacing--50);padding-left:var(--wp--preset--spacing--50)\">\n<div class=\"wp-block-columns alignwide is-layout-flex wp-container-core-columns-is-layout-1da03c2a wp-block-columns-is-layout-flex\">\n<div class=\"wp-block-column is-vertically-aligned-stretch is-layout-flow wp-block-column-is-layout-flow\" style=\"flex-basis:50%\">\n<div class=\"wp-block-group is-vertical is-content-justification-stretch is-layout-flex wp-container-core-group-is-layout-444d5ee8 wp-block-group-is-layout-flex\" style=\"min-height:100%\">\n<p class=\"has-heading-font-family has-x-large-font-size\" style=\"line-height:1.2\"><strong>\u0130nsanl\u0131\u011fa Hizmet, K\u00fclt\u00fcrler Aras\u0131\u00a0Dostluk<\/strong><br><br>\u00dcsk\u00fcdar Valide Sultan E\u011fitim ve K\u00fclt\u00fcre Yard\u0131m Derne\u011fi olarak amac\u0131m\u0131z, toplumun menfaatine olacak her t\u00fcrl\u00fc faaliyeti destekleyecek \u00e7al\u0131\u015fmalar yapmakt\u0131r.<\/p>\n<\/div>\n<\/div>\n\n\n\n<div class=\"wp-block-column is-vertically-aligned-center is-layout-flow wp-block-column-is-layout-flow\" style=\"flex-basis:50%\">\n<figure class=\"wp-block-image size-large is-style-rounded is-style-rounded--1\"><img decoding=\"async\" src=\"https:\/\/balkanlar.org\/wp-content\/uploads\/2023\/12\/michael-michelovski-tB33x5iKYYg-unsplash-min-576x1024.jpg\" alt=\"\" class=\"wp-image-129\" style=\"aspect-ratio:3\/4;object-fit:cover\"\/><\/figure>\n<\/div>\n<\/div>\n<\/div>\n\n\n\n<div class=\"wp-block-group alignfull has-base-background-color has-background has-global-padding is-layout-constrained wp-container-core-group-is-layout-d89aad35 wp-block-group-is-layout-constrained\" style=\"margin-top:0;margin-bottom:0;padding-top:var(--wp--preset--spacing--50);padding-right:var(--wp--preset--spacing--50);padding-bottom:var(--wp--preset--spacing--50);padding-left:var(--wp--preset--spacing--50)\">\n<div class=\"wp-block-columns alignwide is-layout-flex wp-container-core-columns-is-layout-d1c656ed wp-block-columns-is-layout-flex\">\n<div class=\"wp-block-column is-vertically-aligned-center is-layout-flow wp-block-column-is-layout-flow\" style=\"flex-basis:40%\">\n<h3 class=\"wp-block-heading is-style-asterisk\">Yard\u0131m Faaliyetleri<\/h3>\n\n\n\n<ul style=\"line-height:1.75\" class=\"wp-block-list is-style-checkmark-list\">\n<li>Yurt i\u00e7inde ve yurt d\u0131\u015f\u0131nda ihtiya\u00e7 sahiplerine himaye sa\u011flar.<\/li>\n\n\n\n<li>Afet, sava\u015f ve ola\u011fan zamanlarda ayni ve nakdi yard\u0131mla destek olur.<\/li>\n\n\n\n<li>G\u0131da, giyim, sa\u011fl\u0131k, e\u011fitim gibi temel ihtiya\u00e7lara yard\u0131m eder.<\/li>\n\n\n\n<li>Bar\u0131nma, evlenme, yuva kurma ve i\u015f kurma gibi konularda yard\u0131mda bulunur.<\/li>\n\n\n\n<li>Yurdundan ayr\u0131 kalm\u0131\u015f bireylere&nbsp;destek&nbsp;sunar.<\/li>\n<\/ul>\n<\/div>\n\n\n\n<div class=\"wp-block-column is-layout-flow wp-block-column-is-layout-flow\" style=\"flex-basis:50%\">\n<figure class=\"wp-block-image size-full is-style-rounded is-style-rounded--2\"><img decoding=\"async\" src=\"https:\/\/balkanlar.org\/wp-content\/uploads\/2023\/12\/miguel-alcantara-xOtxY6msONo-unsplash-scaled.jpg\" alt=\"\" class=\"wp-image-125\"\/><\/figure>\n<\/div>\n<\/div>\n<\/div>\n\n\n\n<div class=\"wp-block-group alignfull has-accent-5-background-color has-background has-global-padding is-layout-constrained wp-container-core-group-is-layout-d89aad35 wp-block-group-is-layout-constrained\" style=\"margin-top:0;margin-bottom:0;padding-top:var(--wp--preset--spacing--50);padding-right:var(--wp--preset--spacing--50);padding-bottom:var(--wp--preset--spacing--50);padding-left:var(--wp--preset--spacing--50)\">\n<div class=\"wp-block-columns alignwide is-layout-flex wp-container-core-columns-is-layout-d1c656ed wp-block-columns-is-layout-flex\">\n<div class=\"wp-block-column is-layout-flow wp-block-column-is-layout-flow\" style=\"flex-basis:50%\">\n<figure class=\"wp-block-image size-full is-style-rounded is-style-rounded--3\"><img decoding=\"async\" src=\"https:\/\/balkanlar.org\/wp-content\/uploads\/2023\/12\/emilia-morariu-IBGPrqQ-WkU-unsplash-min-scaled.jpg\" alt=\"\" class=\"wp-image-128\"\/><\/figure>\n<\/div>\n\n\n\n<div class=\"wp-block-column is-vertically-aligned-center is-layout-flow wp-block-column-is-layout-flow\" style=\"flex-basis:40%\">\n<h3 class=\"wp-block-heading is-style-asterisk\">E\u011fitim Faaliyetleri<\/h3>\n\n\n\n<ul style=\"line-height:1.75\" class=\"wp-block-list is-style-checkmark-list\">\n<li>Yurtd\u0131\u015f\u0131ndan \u00fclkemize e\u011fitim ve \u00f6\u011fretim amac\u0131yla gelen \u00f6\u011frencilere maddi ve manevi destek sa\u011flar.<\/li>\n\n\n\n<li>\u00dclkemizden yurtd\u0131\u015f\u0131na giden ve e\u011fitimine devam eden \u00f6\u011frencilere maddi ve manevi katk\u0131larda bulunur.<\/li>\n\n\n\n<li>Sosyal, k\u00fclt\u00fcrel, bilimsel, mesleki, sportif, sanatsal, e\u011fitsel faaliyetler gibi alanlarda maddi, manevi ve ayni yard\u0131mda&nbsp;bulunur.<\/li>\n<\/ul>\n<\/div>\n<\/div>\n<\/div>\n\n\n\n<div class=\"wp-block-columns alignwide is-layout-flex wp-container-core-columns-is-layout-d1c656ed wp-block-columns-is-layout-flex\">\n<div class=\"wp-block-column is-vertically-aligned-center is-layout-flow wp-block-column-is-layout-flow\" style=\"flex-basis:40%\">\n<h3 class=\"wp-block-heading is-style-asterisk\">K\u00fclt\u00fcrel Faaliyetler<\/h3>\n\n\n\n<ul style=\"line-height:1.75\" class=\"wp-block-list is-style-checkmark-list\">\n<li>Yabanc\u0131lara T\u00fcrkiye\u2019yi ve T\u00fcrk k\u00fclt\u00fcr\u00fcn\u00fc tan\u0131tma amac\u0131yla tarihi ve turistik geziler d\u00fczenler.<\/li>\n\n\n\n<li>T\u00fcrk vatanda\u015flar\u0131n\u0131n yurtd\u0131\u015f\u0131ndaki farkl\u0131 k\u00fclt\u00fcr ve uluslar\u0131 tan\u0131malar\u0131na yard\u0131mc\u0131 olmak i\u00e7in \u00f6zellikle Balkan \u00dclkeleri\u2019ni i\u00e7eren yurtd\u0131\u015f\u0131 gezileri d\u00fczenler.<\/li>\n\n\n\n<li>T\u00fcrkiye\u2019yi, T\u00fcrk K\u00fclt\u00fcr\u00fc\u2019n\u00fc ve Balkan k\u00fclt\u00fcr\u00fcn\u00fc tan\u0131t\u0131c\u0131 konferanslar, seminerler ve sempozyumlar&nbsp;d\u00fczenler.<\/li>\n<\/ul>\n<\/div>\n\n\n\n<div class=\"wp-block-column is-layout-flow wp-block-column-is-layout-flow\" style=\"flex-basis:50%\">\n<figure class=\"wp-block-image aligncenter size-full is-style-rounded is-style-rounded--4\"><img decoding=\"async\" src=\"https:\/\/balkanlar.org\/wp-content\/uploads\/2023\/12\/Ali_Pashas_Mosque_Sarajevo-min.jpg\" alt=\"\" class=\"wp-image-127\" style=\"aspect-ratio:9\/16;object-fit:cover\"\/><\/figure>\n<\/div>\n<\/div>\n\n\n\n<div class=\"wp-block-group alignfull has-global-padding is-layout-constrained wp-container-core-group-is-layout-d89aad35 wp-block-group-is-layout-constrained\" style=\"margin-top:0;margin-bottom:0;padding-top:var(--wp--preset--spacing--50);padding-right:var(--wp--preset--spacing--50);padding-bottom:var(--wp--preset--spacing--50);padding-left:var(--wp--preset--spacing--50)\">\n<div class=\"wp-block-columns alignwide has-accent-background-color has-background is-layout-flex wp-container-core-columns-is-layout-4f3d0b4e wp-block-columns-is-layout-flex\" style=\"padding-right:0;padding-left:0\">\n<div class=\"wp-block-column is-layout-flow wp-block-column-is-layout-flow\" style=\"flex-basis:50%\">\n<figure class=\"wp-block-image size-large is-style-rounded is-style-rounded--5\"><img decoding=\"async\" src=\"https:\/\/balkanlar.org\/wp-content\/uploads\/2023\/12\/theodor-vasile-Q4qfmINIy0s-unsplash-min-683x1024.jpg\" alt=\"\" class=\"wp-image-130\"\/><\/figure>\n<\/div>\n\n\n\n<div class=\"wp-block-column is-vertically-aligned-center is-layout-flow wp-block-column-is-layout-flow\" style=\"flex-basis:40%\">\n<h3 class=\"wp-block-heading is-style-asterisk\">Sa\u011fl\u0131k Faaliyetleri<\/h3>\n\n\n\n<ul style=\"line-height:1.75\" class=\"wp-block-list is-style-checkmark-list\">\n<li>Yurt i\u00e7inde veya yurt d\u0131\u015f\u0131nda s\u00fcnnet organizasyonlar\u0131 d\u00fczenler.<\/li>\n\n\n\n<li>S\u00fcnnet organizasyonlar\u0131na ayni veya nakdi yard\u0131m veya ba\u011f\u0131\u015fta bulunur.<\/li>\n\n\n\n<li>Organizasyonlara g\u00f6n\u00fcll\u00fc veya alan\u0131nda uzman personel ile katk\u0131da bulunur,&nbsp;destek&nbsp;olur.<\/li>\n<\/ul>\n<\/div>\n<\/div>\n<\/div>\n\n\n\n<div class=\"wp-block-group alignfull has-base-color has-contrast-background-color has-text-color has-background has-link-color wp-elements-eb1a2cc60b10615e30b0e7bcb62b8a25 has-global-padding is-layout-constrained wp-container-core-group-is-layout-d89aad35 wp-block-group-is-layout-constrained\" style=\"margin-top:0;margin-bottom:0;padding-top:var(--wp--preset--spacing--50);padding-right:var(--wp--preset--spacing--50);padding-bottom:var(--wp--preset--spacing--50);padding-left:var(--wp--preset--spacing--50)\">\n<div class=\"wp-block-columns alignwide is-layout-flex wp-container-core-columns-is-layout-d1c656ed wp-block-columns-is-layout-flex\">\n<div class=\"wp-block-column is-vertically-aligned-center is-layout-flow wp-block-column-is-layout-flow\" style=\"flex-basis:40%\">\n<h3 class=\"wp-block-heading is-style-asterisk has-base-2-color has-text-color has-link-color wp-elements-d46c6f4dfa1cbd9c559cc4f51f83ce1b\">Sosyal FaaliyetlerFaaliyetler<\/h3>\n\n\n\n<ul style=\"line-height:1.75\" class=\"wp-block-list is-style-checkmark-list\">\n<li>Kimsesiz\/yoksul insanlar\u0131n cenazelerinin kald\u0131r\u0131lmas\u0131na yard\u0131mc\u0131 olur.<\/li>\n\n\n\n<li>Fakir insanlar\u0131n evlilik masraflar\u0131n\u0131 kar\u015f\u0131lar ve d\u00fc\u011f\u00fcnlerini ger\u00e7ekle\u015ftirir.<\/li>\n\n\n\n<li>Yurt i\u00e7inde ve yurt d\u0131\u015f\u0131nda kar\u015f\u0131l\u0131kl\u0131 tan\u0131t\u0131m ve k\u00fclt\u00fcr turlar\u0131 d\u00fczenler.<\/li>\n\n\n\n<li>Festival, seminer, konferans, kermes, sergi, m\u00fczayede, spor m\u00fcsabakalar\u0131, piknik gibi etkinliklere kat\u0131l\u0131r.<\/li>\n\n\n\n<li>Yerli ve yabanc\u0131 k\u00fclt\u00fcrlerin ya\u015fat\u0131lmas\u0131na&nbsp;destek&nbsp;olur.<\/li>\n<\/ul>\n<\/div>\n\n\n\n<div class=\"wp-block-column is-layout-flow wp-block-column-is-layout-flow\" style=\"flex-basis:50%\">\n<figure class=\"wp-block-image size-full is-style-rounded is-style-rounded--6\"><img decoding=\"async\" src=\"https:\/\/balkanlar.org\/wp-content\/uploads\/2023\/12\/theodor-vasile-zKrdX5ep1YY-unsplash-min-scaled.jpg\" alt=\"\" class=\"wp-image-131\" style=\"aspect-ratio:3\/4;object-fit:cover\"\/><\/figure>\n<\/div>\n<\/div>\n<\/div>\n","protected":false},"excerpt":{"rendered":"<p>\u0130nsanl\u0131\u011fa Hizmet, K\u00fclt\u00fcrler Aras\u0131\u00a0Dostluk \u00dcsk\u00fcdar Valide Sultan E\u011fitim ve K\u00fclt\u00fcre Yard\u0131m Derne\u011fi olarak amac\u0131m\u0131z, toplumun menfaatine olacak her t\u00fcrl\u00fc faaliyeti destekleyecek \u00e7al\u0131\u015fmalar yapmakt\u0131r. Yard\u0131m Faaliyetleri E\u011fitim Faaliyetleri K\u00fclt\u00fcrel Faaliyetler Sa\u011fl\u0131k Faaliyetleri Sosyal FaaliyetlerFaaliyetler<\/p>\n","protected":false},"author":1,"featured_media":0,"parent":0,"menu_order":0,"comment_status":"closed","ping_status":"closed","template":"","meta":{"footnotes":""},"class_list":["post-9","page","type-page","status-publish","hentry"],"_links":{"self":[{"href":"https:\/\/uskudarvalidesultan.org\/index.php?rest_route=\/wp\/v2\/pages\/9","targetHints":{"allow":["GET"]}}],"collection":[{"href":"https:\/\/uskudarvalidesultan.org\/index.php?rest_route=\/wp\/v2\/pages"}],"about":[{"href":"https:\/\/uskudarvalidesultan.org\/index.php?rest_route=\/wp\/v2\/types\/page"}],"author":[{"embeddable":true,"href":"https:\/\/uskudarvalidesultan.org\/index.php?rest_route=\/wp\/v2\/users\/1"}],"replies":[{"embeddable":true,"href":"https:\/\/uskudarvalidesultan.org\/index.php?rest_route=%2Fwp%2Fv2%2Fcomments&post=9"}],"version-history":[{"count":2,"href":"https:\/\/uskudarvalidesultan.org\/index.php?rest_route=\/wp\/v2\/pages\/9\/revisions"}],"predecessor-version":[{"id":32,"href":"https:\/\/uskudarvalidesultan.org\/index.php?rest_route=\/wp\/v2\/pages\/9\/revisions\/32"}],"wp:attachment":[{"href":"https:\/\/uskudarvalidesultan.org\/index.php?rest_route=%2Fwp%2Fv2%2Fmedia&parent=9"}],"curies":[{"name":"wp","href":"https:\/\/api.w.org\/{rel}","templated":true}]}}